{"id":130790,"date":"2026-03-25T14:20:50","date_gmt":"2026-03-25T17:20:50","guid":{"rendered":"https:\/\/rem.sema.mt.gov.br\/?post_type=governanca-do-subpro&#038;p=130790"},"modified":"2026-03-25T14:20:50","modified_gmt":"2026-03-25T17:20:50","slug":"16a-reuniao-da-comissao-de-governanca-do-subprograma-territorios-indigenas-do-programa-rem-mt","status":"publish","type":"governanca-do-subpro","link":"https:\/\/rem.sema.mt.gov.br\/en\/governanca-do-subpro\/16a-reuniao-da-comissao-de-governanca-do-subprograma-territorios-indigenas-do-programa-rem-mt\/","title":{"rendered":"16\u00aa Reuni\u00e3o da Comiss\u00e3o de Governan\u00e7a do Subprograma Territ\u00f3rios Ind\u00edgenas do Programa REM MT"},"featured_media":130793,"parent":0,"template":"","categorias-governanca":[71],"class_list":["post-130790","governanca-do-subpro","type-governanca-do-subpro","status-publish","has-post-thumbnail","hentry","categorias-governanca-territorios-indigenas","entry","has-media"],"yoast_head":"<!-- This site is optimized with the Yoast SEO plugin v27.5 - https:\/\/yoast.com\/product\/yoast-seo-wordpress\/ -->\n<title>16\u00aa Reuni\u00e3o da Comiss\u00e3o de Governan\u00e7a do Subprograma Territ\u00f3rios Ind\u00edgenas do Programa REM MT - REM<\/title>\n<meta name=\"description\" content=\"A 12\u00aa Reuni\u00e3o da Comiss\u00e3o de Governan\u00e7a do Subprograma Territ\u00f3rios Ind\u00edgenas foi realizada no Audit\u00f3rio do Conselho Estadual do Meio Ambiente, Secretaria de Estado de Meio Ambiente, em Cuiab\u00e1, Mato Grosso. Confira relat\u00f3rio e ata da reuni\u00e3o:\" \/>\n<meta name=\"robots\" content=\"index, follow, max-snippet:-1, max-image-preview:large, max-video-preview:-1\" \/>\n<link rel=\"canonical\" href=\"https:\/\/rem.sema.mt.gov.br\/en\/governanca-do-subpro\/16a-reuniao-da-comissao-de-governanca-do-subprograma-territorios-indigenas-do-programa-rem-mt\/\" \/>\n<meta property=\"og:locale\" content=\"en_US\" \/>\n<meta property=\"og:type\" content=\"article\" \/>\n<meta property=\"og:title\" content=\"16\u00aa Reuni\u00e3o da Comiss\u00e3o de Governan\u00e7a do Subprograma Territ\u00f3rios Ind\u00edgenas do Programa REM MT - REM\" \/>\n<meta property=\"og:description\" content=\"A 12\u00aa Reuni\u00e3o da Comiss\u00e3o de Governan\u00e7a do Subprograma Territ\u00f3rios Ind\u00edgenas foi realizada no Audit\u00f3rio do Conselho Estadual do Meio Ambiente, Secretaria de Estado de Meio Ambiente, em Cuiab\u00e1, Mato Grosso. Confira relat\u00f3rio e ata da reuni\u00e3o:\" \/>\n<meta property=\"og:url\" content=\"https:\/\/rem.sema.mt.gov.br\/en\/governanca-do-subpro\/16a-reuniao-da-comissao-de-governanca-do-subprograma-territorios-indigenas-do-programa-rem-mt\/\" \/>\n<meta property=\"og:site_name\" content=\"REM\" \/>\n<meta property=\"og:image\" content=\"https:\/\/rem.sema.mt.gov.br\/wp-content\/uploads\/2026\/03\/POST-17a-Reuniao-da-Comissao-de-Governanca-do-Subprograma-TI-1.webp\" \/>\n\t<meta property=\"og:image:width\" content=\"1600\" \/>\n\t<meta property=\"og:image:height\" content=\"1066\" \/>\n\t<meta property=\"og:image:type\" content=\"image\/webp\" \/>\n<meta name=\"twitter:card\" content=\"summary_large_image\" \/>\n<meta name=\"twitter:label1\" content=\"Est. reading time\" \/>\n\t<meta name=\"twitter:data1\" content=\"1 minute\" \/>\n<script type=\"application\/ld+json\" class=\"yoast-schema-graph\">{\"@context\":\"https:\\\/\\\/schema.org\",\"@graph\":[{\"@type\":\"WebPage\",\"@id\":\"https:\\\/\\\/rem.sema.mt.gov.br\\\/governanca-do-subpro\\\/16a-reuniao-da-comissao-de-governanca-do-subprograma-territorios-indigenas-do-programa-rem-mt\\\/\",\"url\":\"https:\\\/\\\/rem.sema.mt.gov.br\\\/governanca-do-subpro\\\/16a-reuniao-da-comissao-de-governanca-do-subprograma-territorios-indigenas-do-programa-rem-mt\\\/\",\"name\":\"16\u00aa Reuni\u00e3o da Comiss\u00e3o de Governan\u00e7a do Subprograma Territ\u00f3rios Ind\u00edgenas do Programa REM MT - REM\",\"isPartOf\":{\"@id\":\"https:\\\/\\\/rem.sema.mt.gov.br\\\/#website\"},\"primaryImageOfPage\":{\"@id\":\"https:\\\/\\\/rem.sema.mt.gov.br\\\/governanca-do-subpro\\\/16a-reuniao-da-comissao-de-governanca-do-subprograma-territorios-indigenas-do-programa-rem-mt\\\/#primaryimage\"},\"image\":{\"@id\":\"https:\\\/\\\/rem.sema.mt.gov.br\\\/governanca-do-subpro\\\/16a-reuniao-da-comissao-de-governanca-do-subprograma-territorios-indigenas-do-programa-rem-mt\\\/#primaryimage\"},\"thumbnailUrl\":\"https:\\\/\\\/rem.sema.mt.gov.br\\\/wp-content\\\/uploads\\\/2026\\\/03\\\/POST-17a-Reuniao-da-Comissao-de-Governanca-do-Subprograma-TI-1.webp\",\"datePublished\":\"2026-03-25T17:20:50+00:00\",\"description\":\"A 12\u00aa Reuni\u00e3o da Comiss\u00e3o de Governan\u00e7a do Subprograma Territ\u00f3rios Ind\u00edgenas foi realizada no Audit\u00f3rio do Conselho Estadual do Meio Ambiente, Secretaria de Estado de Meio Ambiente, em Cuiab\u00e1, Mato Grosso. Confira relat\u00f3rio e ata da reuni\u00e3o:\",\"breadcrumb\":{\"@id\":\"https:\\\/\\\/rem.sema.mt.gov.br\\\/governanca-do-subpro\\\/16a-reuniao-da-comissao-de-governanca-do-subprograma-territorios-indigenas-do-programa-rem-mt\\\/#breadcrumb\"},\"inLanguage\":\"en-US\",\"potentialAction\":[{\"@type\":\"ReadAction\",\"target\":[\"https:\\\/\\\/rem.sema.mt.gov.br\\\/governanca-do-subpro\\\/16a-reuniao-da-comissao-de-governanca-do-subprograma-territorios-indigenas-do-programa-rem-mt\\\/\"]}]},{\"@type\":\"ImageObject\",\"inLanguage\":\"en-US\",\"@id\":\"https:\\\/\\\/rem.sema.mt.gov.br\\\/governanca-do-subpro\\\/16a-reuniao-da-comissao-de-governanca-do-subprograma-territorios-indigenas-do-programa-rem-mt\\\/#primaryimage\",\"url\":\"https:\\\/\\\/rem.sema.mt.gov.br\\\/wp-content\\\/uploads\\\/2026\\\/03\\\/POST-17a-Reuniao-da-Comissao-de-Governanca-do-Subprograma-TI-1.webp\",\"contentUrl\":\"https:\\\/\\\/rem.sema.mt.gov.br\\\/wp-content\\\/uploads\\\/2026\\\/03\\\/POST-17a-Reuniao-da-Comissao-de-Governanca-do-Subprograma-TI-1.webp\",\"width\":1600,\"height\":1066},{\"@type\":\"BreadcrumbList\",\"@id\":\"https:\\\/\\\/rem.sema.mt.gov.br\\\/governanca-do-subpro\\\/16a-reuniao-da-comissao-de-governanca-do-subprograma-territorios-indigenas-do-programa-rem-mt\\\/#breadcrumb\",\"itemListElement\":[{\"@type\":\"ListItem\",\"position\":1,\"name\":\"In\u00edcio\",\"item\":\"https:\\\/\\\/rem.sema.mt.gov.br\\\/\"},{\"@type\":\"ListItem\",\"position\":2,\"name\":\"Governan\u00e7a Subprograma\",\"item\":\"https:\\\/\\\/rem.sema.mt.gov.br\\\/governanca-do-subpro\\\/\"},{\"@type\":\"ListItem\",\"position\":3,\"name\":\"16\u00aa Reuni\u00e3o da Comiss\u00e3o de Governan\u00e7a do Subprograma Territ\u00f3rios Ind\u00edgenas do Programa REM MT\"}]},{\"@type\":\"WebSite\",\"@id\":\"https:\\\/\\\/rem.sema.mt.gov.br\\\/#website\",\"url\":\"https:\\\/\\\/rem.sema.mt.gov.br\\\/\",\"name\":\"REM\",\"description\":\"Mato Grosso\",\"potentialAction\":[{\"@type\":\"SearchAction\",\"target\":{\"@type\":\"EntryPoint\",\"urlTemplate\":\"https:\\\/\\\/rem.sema.mt.gov.br\\\/?s={search_term_string}\"},\"query-input\":{\"@type\":\"PropertyValueSpecification\",\"valueRequired\":true,\"valueName\":\"search_term_string\"}}],\"inLanguage\":\"en-US\"}]}<\/script>\n<!-- \/ Yoast SEO plugin. -->","yoast_head_json":{"title":"16\u00aa Reuni\u00e3o da Comiss\u00e3o de Governan\u00e7a do Subprograma Territ\u00f3rios Ind\u00edgenas do Programa REM MT - REM","description":"A 12\u00aa Reuni\u00e3o da Comiss\u00e3o de Governan\u00e7a do Subprograma Territ\u00f3rios Ind\u00edgenas foi realizada no Audit\u00f3rio do Conselho Estadual do Meio Ambiente, Secretaria de Estado de Meio Ambiente, em Cuiab\u00e1, Mato Grosso. Confira relat\u00f3rio e ata da reuni\u00e3o:","robots":{"index":"index","follow":"follow","max-snippet":"max-snippet:-1","max-image-preview":"max-image-preview:large","max-video-preview":"max-video-preview:-1"},"canonical":"https:\/\/rem.sema.mt.gov.br\/en\/governanca-do-subpro\/16a-reuniao-da-comissao-de-governanca-do-subprograma-territorios-indigenas-do-programa-rem-mt\/","og_locale":"en_US","og_type":"article","og_title":"16\u00aa Reuni\u00e3o da Comiss\u00e3o de Governan\u00e7a do Subprograma Territ\u00f3rios Ind\u00edgenas do Programa REM MT - REM","og_description":"A 12\u00aa Reuni\u00e3o da Comiss\u00e3o de Governan\u00e7a do Subprograma Territ\u00f3rios Ind\u00edgenas foi realizada no Audit\u00f3rio do Conselho Estadual do Meio Ambiente, Secretaria de Estado de Meio Ambiente, em Cuiab\u00e1, Mato Grosso. Confira relat\u00f3rio e ata da reuni\u00e3o:","og_url":"https:\/\/rem.sema.mt.gov.br\/en\/governanca-do-subpro\/16a-reuniao-da-comissao-de-governanca-do-subprograma-territorios-indigenas-do-programa-rem-mt\/","og_site_name":"REM","og_image":[{"width":1600,"height":1066,"url":"https:\/\/rem.sema.mt.gov.br\/wp-content\/uploads\/2026\/03\/POST-17a-Reuniao-da-Comissao-de-Governanca-do-Subprograma-TI-1.webp","type":"image\/webp"}],"twitter_card":"summary_large_image","twitter_misc":{"Est. reading time":"1 minute"},"schema":{"@context":"https:\/\/schema.org","@graph":[{"@type":"WebPage","@id":"https:\/\/rem.sema.mt.gov.br\/governanca-do-subpro\/16a-reuniao-da-comissao-de-governanca-do-subprograma-territorios-indigenas-do-programa-rem-mt\/","url":"https:\/\/rem.sema.mt.gov.br\/governanca-do-subpro\/16a-reuniao-da-comissao-de-governanca-do-subprograma-territorios-indigenas-do-programa-rem-mt\/","name":"16\u00aa Reuni\u00e3o da Comiss\u00e3o de Governan\u00e7a do Subprograma Territ\u00f3rios Ind\u00edgenas do Programa REM MT - REM","isPartOf":{"@id":"https:\/\/rem.sema.mt.gov.br\/#website"},"primaryImageOfPage":{"@id":"https:\/\/rem.sema.mt.gov.br\/governanca-do-subpro\/16a-reuniao-da-comissao-de-governanca-do-subprograma-territorios-indigenas-do-programa-rem-mt\/#primaryimage"},"image":{"@id":"https:\/\/rem.sema.mt.gov.br\/governanca-do-subpro\/16a-reuniao-da-comissao-de-governanca-do-subprograma-territorios-indigenas-do-programa-rem-mt\/#primaryimage"},"thumbnailUrl":"https:\/\/rem.sema.mt.gov.br\/wp-content\/uploads\/2026\/03\/POST-17a-Reuniao-da-Comissao-de-Governanca-do-Subprograma-TI-1.webp","datePublished":"2026-03-25T17:20:50+00:00","description":"A 12\u00aa Reuni\u00e3o da Comiss\u00e3o de Governan\u00e7a do Subprograma Territ\u00f3rios Ind\u00edgenas foi realizada no Audit\u00f3rio do Conselho Estadual do Meio Ambiente, Secretaria de Estado de Meio Ambiente, em Cuiab\u00e1, Mato Grosso. Confira relat\u00f3rio e ata da reuni\u00e3o:","breadcrumb":{"@id":"https:\/\/rem.sema.mt.gov.br\/governanca-do-subpro\/16a-reuniao-da-comissao-de-governanca-do-subprograma-territorios-indigenas-do-programa-rem-mt\/#breadcrumb"},"inLanguage":"en-US","potentialAction":[{"@type":"ReadAction","target":["https:\/\/rem.sema.mt.gov.br\/governanca-do-subpro\/16a-reuniao-da-comissao-de-governanca-do-subprograma-territorios-indigenas-do-programa-rem-mt\/"]}]},{"@type":"ImageObject","inLanguage":"en-US","@id":"https:\/\/rem.sema.mt.gov.br\/governanca-do-subpro\/16a-reuniao-da-comissao-de-governanca-do-subprograma-territorios-indigenas-do-programa-rem-mt\/#primaryimage","url":"https:\/\/rem.sema.mt.gov.br\/wp-content\/uploads\/2026\/03\/POST-17a-Reuniao-da-Comissao-de-Governanca-do-Subprograma-TI-1.webp","contentUrl":"https:\/\/rem.sema.mt.gov.br\/wp-content\/uploads\/2026\/03\/POST-17a-Reuniao-da-Comissao-de-Governanca-do-Subprograma-TI-1.webp","width":1600,"height":1066},{"@type":"BreadcrumbList","@id":"https:\/\/rem.sema.mt.gov.br\/governanca-do-subpro\/16a-reuniao-da-comissao-de-governanca-do-subprograma-territorios-indigenas-do-programa-rem-mt\/#breadcrumb","itemListElement":[{"@type":"ListItem","position":1,"name":"In\u00edcio","item":"https:\/\/rem.sema.mt.gov.br\/"},{"@type":"ListItem","position":2,"name":"Governan\u00e7a Subprograma","item":"https:\/\/rem.sema.mt.gov.br\/governanca-do-subpro\/"},{"@type":"ListItem","position":3,"name":"16\u00aa Reuni\u00e3o da Comiss\u00e3o de Governan\u00e7a do Subprograma Territ\u00f3rios Ind\u00edgenas do Programa REM MT"}]},{"@type":"WebSite","@id":"https:\/\/rem.sema.mt.gov.br\/#website","url":"https:\/\/rem.sema.mt.gov.br\/","name":"REM","description":"Mato Grosso","potentialAction":[{"@type":"SearchAction","target":{"@type":"EntryPoint","urlTemplate":"https:\/\/rem.sema.mt.gov.br\/?s={search_term_string}"},"query-input":{"@type":"PropertyValueSpecification","valueRequired":true,"valueName":"search_term_string"}}],"inLanguage":"en-US"}]}},"_links":{"self":[{"href":"https:\/\/rem.sema.mt.gov.br\/en\/wp-json\/wp\/v2\/governanca-do-subpro\/130790","targetHints":{"allow":["GET"]}}],"collection":[{"href":"https:\/\/rem.sema.mt.gov.br\/en\/wp-json\/wp\/v2\/governanca-do-subpro"}],"about":[{"href":"https:\/\/rem.sema.mt.gov.br\/en\/wp-json\/wp\/v2\/types\/governanca-do-subpro"}],"wp:featuredmedia":[{"embeddable":true,"href":"https:\/\/rem.sema.mt.gov.br\/en\/wp-json\/wp\/v2\/media\/130793"}],"wp:attachment":[{"href":"https:\/\/rem.sema.mt.gov.br\/en\/wp-json\/wp\/v2\/media?parent=130790"}],"wp:term":[{"taxonomy":"categorias-governanca","embeddable":true,"href":"https:\/\/rem.sema.mt.gov.br\/en\/wp-json\/wp\/v2\/categorias-governanca?post=130790"}],"curies":[{"name":"wp","href":"https:\/\/api.w.org\/{rel}","templated":true}]}}